{"id":748,"date":"2019-07-17T10:26:11","date_gmt":"2019-07-17T10:26:11","guid":{"rendered":"https:\/\/www.kaffeeform.com\/?page_id=748"},"modified":"2024-01-25T17:23:33","modified_gmt":"2024-01-25T16:23:33","slug":"faq","status":"publish","type":"page","link":"https:\/\/www.kaffeeform.com\/de\/b2b\/faq\/","title":{"rendered":"Gesch\u00e4ftskunden FAQ"},"content":{"rendered":"\n\n\t<section class=\"section\" id=\"section_587682154\">\n\t\t<div class=\"section-bg fill\" >\n\t\t\t\t\t\t\t\t\t\n\t\t\t\n\n\t\t<\/div>\n\n\t\t\n\n\t\t<div class=\"section-content relative\">\n\t\t\t\n\n\n  <div class=\"banner has-hover header-banner\" id=\"banner-487998586\">\n          <div class=\"banner-inner fill\">\n        <div class=\"banner-bg fill\" >\n            <img loading=\"lazy\" decoding=\"async\" width=\"2000\" height=\"1000\" src=\"https:\/\/www.kaffeeform.com\/wp-content\/uploads\/2022\/01\/Kaffeeform_Boxclosed.jpg\" class=\"bg attachment-original size-original\" alt=\"\" \/>                                    \n                    <\/div>\n\t\t\n        <div class=\"banner-layers container\">\n            <div class=\"fill banner-link\"><\/div>            \n\n   <div id=\"text-box-333658448\" class=\"text-box banner-layer x50 md-x50 lg-x50 y50 md-y50 lg-y50 res-text\">\n                                <div class=\"text-box-content text dark\">\n              \n              <div class=\"text-inner text-center\">\n                  \n\n<h1 class=\"no-margin\">Gesch\u00e4ftskunden FAQ<\/h1>\n\n              <\/div>\n           <\/div>\n                            \n<style>\n#text-box-333658448 .text-inner {\n  padding: 30px 20px 0px 20px;\n}\n#text-box-333658448 {\n  width: 90%;\n}\n#text-box-333658448 .text-box-content {\n  font-size: 100%;\n}\n@media (min-width:550px) {\n  #text-box-333658448 {\n    width: 100%;\n  }\n}\n<\/style>\n    <\/div>\n \n\n        <\/div>\n      <\/div>\n\n            \n<style>\n#banner-487998586 {\n  padding-top: 50%;\n  background-color: rgb(234, 231, 226);\n}\n#banner-487998586 .banner-bg img {\n  object-position: 58% 100%;\n}\n@media (min-width:850px) {\n  #banner-487998586 {\n    padding-top: 30%;\n  }\n}\n<\/style>\n  <\/div>\n\n\n\n\t\t<\/div>\n\n\t\t\n<style>\n#section_587682154 {\n  padding-top: 0px;\n  padding-bottom: 0px;\n}\n<\/style>\n\t<\/section>\n\t\n\n\t<section class=\"section\" id=\"section_30297610\">\n\t\t<div class=\"section-bg fill\" >\n\t\t\t\t\t\t\t\t\t\n\t\t\t\n\n\t\t<\/div>\n\n\t\t\n\n\t\t<div class=\"section-content relative\">\n\t\t\t\n\n<div class=\"row row-collapse align-center\"  id=\"row-1871606497\">\n\n\n\t<div id=\"col-302394850\" class=\"col medium-12 small-12 large-8\"  >\n\t\t\t\t<div class=\"col-inner\"  >\n\t\t\t\n\t\t\t\n\n<section id='' \n                class='helpie-faq accordions faq-toggle custom-styles open-first' \n                data-collection='' \n                data-pagination='0' \n                data-search='0' \n                data-pagination-enabled='0'\n                role='region'\n                aria-label='FAQ Section'\n                aria-live='polite'><form class=\"search\" onSubmit=\"return false;\"><div class=\"search__wrapper\"><input type=\"text\" class=\"search__input\" aria-label=\"Search\" role=\"searchbox\" placeholder=\"Nach einer Frage suchen...\"><span class=\"search__icon\"><svg class=\"svg-icon--search\" role=\"img\" xmlns=\"http:\/\/www.w3.org\/2000\/svg\" viewBox=\"0 0 22 22\">\r\n                        <g fill=\"none\" stroke=\"#171717\">\r\n                            <path stroke-linecap=\"square\" stroke-width=\"2\" d=\"M18.5 18.3l-5.4-5.4\"\/>\r\n                            <circle cx=\"8\" cy=\"8\" r=\"7\" stroke-width=\"2\"\/>\r\n                        <\/g>\r\n                    <\/svg><\/span><\/div><div class=\"search__message\"><\/div><\/form><article class=\"accordion \"><div class='helpie-faq-row'><div class='helpie-faq-col helpie-faq-col-12' ><ul><li class=\"accordion__item \"><div class=\"accordion__header \" \r\n                id=\"accordion-header-post-759\"\r\n                role=\"button\"\r\n                aria-expanded=\"false\"\r\n                aria-controls=\"accordion-content-post-759\"\r\n                data-id=\"post-759\" \r\n                data-item=\"hfaq-post-759\" \r\n                style=\"background:#FFFFFF;\" \r\n                data-tags=\"\"\r\n                tabindex=\"0\"><div class=\"accordion__title\">Kann ich das Logo meines Caf\u00e9s, Shops oder Unternehmens auf den Weducer Cup drucken?<\/div><\/div><div id=\"accordion-content-post-759\" \r\n                class=\"accordion__body\" \r\n                role=\"region\"\r\n                aria-labelledby=\"accordion-header-post-759\"\r\n                style=\"background:#FCFCFC;\"><p>Wir bieten f\u00fcr Gesch\u00e4ftskunden personalisierte Editionen ab einer Mindestbestellmenge von 100 St\u00fcck an &#8211; ideale Geschenke f\u00fcr Kunden, Mitarbeiter oder Partner. Frage am besten direkt<a href=\"https:\/\/www.kaffeeform.com\/de\/branding\/\" target=\"_blank\" rel=\"noopener noreferrer\"> unverbindlich hier an <\/a>oder schreibe eine E-Mail an <a href=\"mailto:wholesale@kaffeeform.com\">wholesale@kaffeeform.com<\/a> .<\/p>\n<\/div><\/li><li class=\"accordion__item \"><div class=\"accordion__header \" \r\n                id=\"accordion-header-post-765\"\r\n                role=\"button\"\r\n                aria-expanded=\"false\"\r\n                aria-controls=\"accordion-content-post-765\"\r\n                data-id=\"post-765\" \r\n                data-item=\"hfaq-post-765\" \r\n                style=\"background:#FFFFFF;\" \r\n                data-tags=\"\"\r\n                tabindex=\"0\"><div class=\"accordion__title\">Ist es m\u00f6glich, ein Sample zu erhalten?<\/div><\/div><div id=\"accordion-content-post-765\" \r\n                class=\"accordion__body\" \r\n                role=\"region\"\r\n                aria-labelledby=\"accordion-header-post-765\"\r\n                style=\"background:#FCFCFC;\"><p>Ja, als autorisierter Kaffeeform Partner kannst du Samples aller Produkte zu sehr g\u00fcnstigen Preisen <a href=\"https:\/\/www.kaffeeform.com\/de\/b2b\/samples\/\">direkt hier<\/a> in deinem Business Account bestellen.<\/p>\n<\/div><\/li><li class=\"accordion__item \"><div class=\"accordion__header \" \r\n                id=\"accordion-header-post-767\"\r\n                role=\"button\"\r\n                aria-expanded=\"false\"\r\n                aria-controls=\"accordion-content-post-767\"\r\n                data-id=\"post-767\" \r\n                data-item=\"hfaq-post-767\" \r\n                style=\"background:#FFFFFF;\" \r\n                data-tags=\"\"\r\n                tabindex=\"0\"><div class=\"accordion__title\">Gibt es eine Mindestbestellmenge?<\/div><\/div><div id=\"accordion-content-post-767\" \r\n                class=\"accordion__body\" \r\n                role=\"region\"\r\n                aria-labelledby=\"accordion-header-post-767\"\r\n                style=\"background:#FCFCFC;\"><p>Unsere Mindestbestellmenge ist 10 St\u00fcck f\u00fcr regul\u00e4re Produkte und 100 St\u00fcck f\u00fcr personalisierte Brandings.<\/p>\n<\/div><\/li><li class=\"accordion__item \"><div class=\"accordion__header \" \r\n                id=\"accordion-header-post-769\"\r\n                role=\"button\"\r\n                aria-expanded=\"false\"\r\n                aria-controls=\"accordion-content-post-769\"\r\n                data-id=\"post-769\" \r\n                data-item=\"hfaq-post-769\" \r\n                style=\"background:#FFFFFF;\" \r\n                data-tags=\"\"\r\n                tabindex=\"0\"><div class=\"accordion__title\">Wie hoch sind die Versandkosten?<\/div><\/div><div id=\"accordion-content-post-769\" \r\n                class=\"accordion__body\" \r\n                role=\"region\"\r\n                aria-labelledby=\"accordion-header-post-769\"\r\n                style=\"background:#FCFCFC;\"><p>Die Versandkosten f\u00fcr unsere Gesch\u00e4ftspartner sind nach Gewicht und Zielland gestaffelt und vom Bestellumfang abh\u00e4ngig. Wie bieten eine versandkostenfreie Lieferung ab einem Netto-Warenwert von 360 \u20ac (Deutschland) \/ 530 \u20ac (Europa-L\u00e4ndergruppe <span class=\"s1\">\u2160<\/span><span class=\"s1\">) an. Mehr Infos zum <a href=\"https:\/\/www.kaffeeform.com\/de\/versand\/\">Versand gibt es hier.<\/a><\/span><\/p>\n<\/div><\/li><li class=\"accordion__item \"><div class=\"accordion__header \" \r\n                id=\"accordion-header-post-771\"\r\n                role=\"button\"\r\n                aria-expanded=\"false\"\r\n                aria-controls=\"accordion-content-post-771\"\r\n                data-id=\"post-771\" \r\n                data-item=\"hfaq-post-771\" \r\n                style=\"background:#FFFFFF;\" \r\n                data-tags=\"\"\r\n                tabindex=\"0\"><div class=\"accordion__title\">Was kostet eine personalisierte Edition mit Logo-Druck? Wie lange ist die Produktionszeit?<\/div><\/div><div id=\"accordion-content-post-771\" \r\n                class=\"accordion__body\" \r\n                role=\"region\"\r\n                aria-labelledby=\"accordion-header-post-771\"\r\n                style=\"background:#FCFCFC;\"><p>Frage gerne <a href=\"https:\/\/www.kaffeeform.com\/de\/branding\/\">hier ein individuelles Branding an<\/a> oder schreibe eine Mail an wholesale@kaffeeform.com. Wir melden uns schnellstm\u00f6glich mit einem Angebot und der voraussichtlichen Lieferzeit zur\u00fcck.<\/p>\n<\/div><\/li><li class=\"accordion__item \"><div class=\"accordion__header \" \r\n                id=\"accordion-header-post-773\"\r\n                role=\"button\"\r\n                aria-expanded=\"false\"\r\n                aria-controls=\"accordion-content-post-773\"\r\n                data-id=\"post-773\" \r\n                data-item=\"hfaq-post-773\" \r\n                style=\"background:#FFFFFF;\" \r\n                data-tags=\"\"\r\n                tabindex=\"0\"><div class=\"accordion__title\">Ich habe bereits Kaffeeform Produkte bestellt. Wie kann ich Ware nachbestellen?<\/div><\/div><div id=\"accordion-content-post-773\" \r\n                class=\"accordion__body\" \r\n                role=\"region\"\r\n                aria-labelledby=\"accordion-header-post-773\"\r\n                style=\"background:#FCFCFC;\"><p>Die Nachbestellung von regul\u00e4ren Produkten erfolgt ganz einfach <a href=\"https:\/\/www.kaffeeform.com\/de\/b2b\/bestellformular\/\">hier im B2B Shop. <\/a>Wenn du Produkte mit Branding nachbestellen m\u00f6chtest, schreib eine E-Mail an wholesale@kaffeeform.com.<\/p>\n<\/div><\/li><li class=\"accordion__item \"><div class=\"accordion__header \" \r\n                id=\"accordion-header-post-775\"\r\n                role=\"button\"\r\n                aria-expanded=\"false\"\r\n                aria-controls=\"accordion-content-post-775\"\r\n                data-id=\"post-775\" \r\n                data-item=\"hfaq-post-775\" \r\n                style=\"background:#FFFFFF;\" \r\n                data-tags=\"\"\r\n                tabindex=\"0\"><div class=\"accordion__title\">Ich habe bereits Kaffeeform Produkte im Verkauf. Wie mache ich meine Kunden darauf aufmerksam?<\/div><\/div><div id=\"accordion-content-post-775\" \r\n                class=\"accordion__body\" \r\n                role=\"region\"\r\n                aria-labelledby=\"accordion-header-post-775\"\r\n                style=\"background:#FCFCFC;\"><p>Werbematerialien wie Infokarten und Thekenaufsteller k\u00f6nnen <a href=\"https:\/\/www.kaffeeform.com\/de\/b2b\/bestellformular\/\">direkt im B2B Bereich<\/a> bestellt werden.<\/p>\n<\/div><\/li><li class=\"accordion__item \"><div class=\"accordion__header \" \r\n                id=\"accordion-header-post-777\"\r\n                role=\"button\"\r\n                aria-expanded=\"false\"\r\n                aria-controls=\"accordion-content-post-777\"\r\n                data-id=\"post-777\" \r\n                data-item=\"hfaq-post-777\" \r\n                style=\"background:#FFFFFF;\" \r\n                data-tags=\"\"\r\n                tabindex=\"0\"><div class=\"accordion__title\">Gibt es eine Preisempfehlung f\u00fcr den Verkauf?<\/div><\/div><div id=\"accordion-content-post-777\" \r\n                class=\"accordion__body\" \r\n                role=\"region\"\r\n                aria-labelledby=\"accordion-header-post-777\"\r\n                style=\"background:#FCFCFC;\"><p>Wir empfehlen als UVP f\u00fcr Endkunden die Preise aus unserem Webshop. Die UVPs sind auch im <a href=\"https:\/\/www.kaffeeform.com\/de\/b2b\/bestellformular\/\">Bestellformular ersichtlich<\/a>, direkt neben dem Produktbild.<\/p>\n<\/div><\/li><li class=\"accordion__item \"><div class=\"accordion__header \" \r\n                id=\"accordion-header-post-781\"\r\n                role=\"button\"\r\n                aria-expanded=\"false\"\r\n                aria-controls=\"accordion-content-post-781\"\r\n                data-id=\"post-781\" \r\n                data-item=\"hfaq-post-781\" \r\n                style=\"background:#FFFFFF;\" \r\n                data-tags=\"\"\r\n                tabindex=\"0\"><div class=\"accordion__title\">Muss das gesamte Kaffeeform Sortiment zum Verkauf angeboten werden?<\/div><\/div><div id=\"accordion-content-post-781\" \r\n                class=\"accordion__body\" \r\n                role=\"region\"\r\n                aria-labelledby=\"accordion-header-post-781\"\r\n                style=\"background:#FCFCFC;\"><p>Nein, du kannst unter unseren Produkte frei ausw\u00e4hlen und dein Angebot nat\u00fcrlich selbst bestimmen.<\/p>\n<\/div><\/li><li class=\"accordion__item \"><div class=\"accordion__header \" \r\n                id=\"accordion-header-post-783\"\r\n                role=\"button\"\r\n                aria-expanded=\"false\"\r\n                aria-controls=\"accordion-content-post-783\"\r\n                data-id=\"post-783\" \r\n                data-item=\"hfaq-post-783\" \r\n                style=\"background:#FFFFFF;\" \r\n                data-tags=\"\"\r\n                tabindex=\"0\"><div class=\"accordion__title\">Kann ich Weducer Cups auch in meinem Caf\u00e9 oder Restaurant einsetzen?<\/div><\/div><div id=\"accordion-content-post-783\" \r\n                class=\"accordion__body\" \r\n                role=\"region\"\r\n                aria-labelledby=\"accordion-header-post-783\"\r\n                style=\"background:#FCFCFC;\"><p>Kaffeeform Produkte sind zun\u00e4chst f\u00fcr den Endkonsumenten zugeschnitten. Sie sind sp\u00fclmaschinengeeignet und hitzebest\u00e4ndig, wir empfehlen aber m\u00f6glichst die Handw\u00e4sche.<br \/>\nWir m\u00f6chten darauf hinweisen, dass Kaffeeform Produkte aus Naturmaterialien hergestellt werden und im hohen Durchlauf der Gastronomie an der Oberfl\u00e4che leicht verblassen oder aufrauen k\u00f6nnen. Dies ist aber v\u00f6llig unbedenklich und schm\u00e4lert weder Funktionalit\u00e4t noch Sicherheit.<\/p>\n<\/div><\/li><li class=\"accordion__item \"><div class=\"accordion__header \" \r\n                id=\"accordion-header-post-785\"\r\n                role=\"button\"\r\n                aria-expanded=\"false\"\r\n                aria-controls=\"accordion-content-post-785\"\r\n                data-id=\"post-785\" \r\n                data-item=\"hfaq-post-785\" \r\n                style=\"background:#FFFFFF;\" \r\n                data-tags=\"\"\r\n                tabindex=\"0\"><div class=\"accordion__title\">Liefert Kaffeeform auch an Gesch\u00e4ftspartner au\u00dferhalb Europas?<\/div><\/div><div id=\"accordion-content-post-785\" \r\n                class=\"accordion__body\" \r\n                role=\"region\"\r\n                aria-labelledby=\"accordion-header-post-785\"\r\n                style=\"background:#FCFCFC;\"><p>Ja, wir liefern auch an einige L\u00e4nder au\u00dferhalb der EU. Infos zu unseren <a href=\"https:\/\/www.kaffeeform.com\/de\/versand\/\">Lieferorten findest du hier.<\/a><\/p>\n<\/div><\/li><li class=\"accordion__item \"><div class=\"accordion__header \" \r\n                id=\"accordion-header-post-790\"\r\n                role=\"button\"\r\n                aria-expanded=\"false\"\r\n                aria-controls=\"accordion-content-post-790\"\r\n                data-id=\"post-790\" \r\n                data-item=\"hfaq-post-790\" \r\n                style=\"background:#FFFFFF;\" \r\n                data-tags=\"\"\r\n                tabindex=\"0\"><div class=\"accordion__title\">Ich habe eine Idee zur Verwendung von Kaffeesatz und Interesse an einer Kooperation und einem gemeinsamen Projekt.<\/div><\/div><div id=\"accordion-content-post-790\" \r\n                class=\"accordion__body\" \r\n                role=\"region\"\r\n                aria-labelledby=\"accordion-header-post-790\"\r\n                style=\"background:#FCFCFC;\"><p>Momentan konzentrieren wir uns erst auf den Ausbau von Kaffeeform und haben daf\u00fcr spannende Produkte und Projekte geplant. Wir k\u00f6nnen derzeit leider nicht auf einzelne Vorschl\u00e4ge und Gesch\u00e4ftsideen eingehen.<\/p>\n<\/div><\/li><li class=\"accordion__item \"><div class=\"accordion__header \" \r\n                id=\"accordion-header-post-792\"\r\n                role=\"button\"\r\n                aria-expanded=\"false\"\r\n                aria-controls=\"accordion-content-post-792\"\r\n                data-id=\"post-792\" \r\n                data-item=\"hfaq-post-792\" \r\n                style=\"background:#FFFFFF;\" \r\n                data-tags=\"\"\r\n                tabindex=\"0\"><div class=\"accordion__title\">Wir wollen euch gerne den Kaffeesatz unserer Firma zur Verf\u00fcgung stellen.<\/div><\/div><div id=\"accordion-content-post-792\" \r\n                class=\"accordion__body\" \r\n                role=\"region\"\r\n                aria-labelledby=\"accordion-header-post-792\"\r\n                style=\"background:#FCFCFC;\"><p>Unser Bedarf an Kaffeesatz ist aktuell gedeckt, wir k\u00f6nnen daher leider keinen weiteren annehmen.<\/p>\n<p>Wir setzen auf kurze Wege um den \u00f6kologischen Fu\u00dfabdruck unserer Produktion so gering wie m\u00f6glich zu halten. Deshalb arbeiten wir mit ausgew\u00e4hlten Caf\u00e9s und Partnern in Berlin zusammen und transportieren den Kaffeesatz mit einer Fahrradflotte direkt zur Weiterverarbeitung. Der von uns verwendete Kaffeesatz erf\u00fcllt unseren Anspruch an h\u00f6chste Qualit\u00e4t und transparente Herkunft und Produktion.<\/p>\n<p>Du kannst du dennoch eine Mail schreiben, wenn bei euch gr\u00f6\u00dfere Mengen an Kaffeesatz anfallen, sodass wir euch f\u00fcr die Zukunft vormerken k\u00f6nnen.<\/p>\n<\/div><\/li><li class=\"accordion__item \"><div class=\"accordion__header \" \r\n                id=\"accordion-header-post-132250\"\r\n                role=\"button\"\r\n                aria-expanded=\"false\"\r\n                aria-controls=\"accordion-content-post-132250\"\r\n                data-id=\"post-132250\" \r\n                data-item=\"hfaq-post-132250\" \r\n                style=\"background:#FFFFFF;\" \r\n                data-tags=\"\"\r\n                tabindex=\"0\"><div class=\"accordion__title\">Habt ihr sch\u00f6ne Produktfotos?<\/div><\/div><div id=\"accordion-content-post-132250\" \r\n                class=\"accordion__body\" \r\n                role=\"region\"\r\n                aria-labelledby=\"accordion-header-post-132250\"\r\n                style=\"background:#FCFCFC;\">\n<p>Na klar. In eurem Business Account findet ihr hochaufl\u00f6sende Produktbilder und Freisteller, detaillierte Produktbeschreibungen und weiterf\u00fchrende Informationen zum Material und zu uns. Die d\u00fcrft ihr gerne f\u00fcr euren Webshop oder f\u00fcr Werbezwecke nutzen. Credit ist Kaffeeform. <a href=\"https:\/\/www.kaffeeform.com\/de\/digital-sales-kit\/\" target=\"_blank\" rel=\"noreferrer noopener\" aria-label=\"Hier geht's direkt zum Download (\u00f6ffnet in neuem Tab)\">Hier geht&#8217;s direkt zum Download<\/a>.<\/p>\n<\/div><\/li><li class=\"accordion__item \"><div class=\"accordion__header \" \r\n                id=\"accordion-header-post-132262\"\r\n                role=\"button\"\r\n                aria-expanded=\"false\"\r\n                aria-controls=\"accordion-content-post-132262\"\r\n                data-id=\"post-132262\" \r\n                data-item=\"hfaq-post-132262\" \r\n                style=\"background:#FFFFFF;\" \r\n                data-tags=\"\"\r\n                tabindex=\"0\"><div class=\"accordion__title\">Kann ich eure Produkte in meinem Online Shop verkaufen?<\/div><\/div><div id=\"accordion-content-post-132262\" \r\n                class=\"accordion__body\" \r\n                role=\"region\"\r\n                aria-labelledby=\"accordion-header-post-132262\"\r\n                style=\"background:#FCFCFC;\">\n<p>Na klar. Aber bitte nur \u00fcber deinen eigenen Online Shop und nur an Privatkunden. Ein Weiterverkauf und Handel \u00fcber externe Plattformen (wie z.B. Amazon, eBay) ist ausdr\u00fccklich untersagt. Bitte orientiere dich f\u00fcr eine faire Preisgestaltung an unseren UVPs, und nat\u00fcrlich sollte auch die Marke Kaffeeform muss in allen Kommunikationsma\u00dfnahmen, Produktnamen und -beschreibungen klar genannt werden. Danke!<\/p>\n<\/div><\/li><li class=\"accordion__item \"><div class=\"accordion__header \" \r\n                id=\"accordion-header-post-132274\"\r\n                role=\"button\"\r\n                aria-expanded=\"false\"\r\n                aria-controls=\"accordion-content-post-132274\"\r\n                data-id=\"post-132274\" \r\n                data-item=\"hfaq-post-132274\" \r\n                style=\"background:#FFFFFF;\" \r\n                data-tags=\"\"\r\n                tabindex=\"0\"><div class=\"accordion__title\">Wie sind die Lieferzeiten?<\/div><\/div><div id=\"accordion-content-post-132274\" \r\n                class=\"accordion__body\" \r\n                role=\"region\"\r\n                aria-labelledby=\"accordion-header-post-132274\"\r\n                style=\"background:#FCFCFC;\">\n<p>Unsere Lieferzeiten sind bei voller Warenverf\u00fcgbarkeit ca. 5 Werktage innerhalb Deutschlands und ca. 8 -12 Werktage f\u00fcr den internationalen Versand. Personalisierte Branding Editionen: Auf Anfrage.<\/p>\n<\/div><\/li><\/ul><\/div><\/div><\/article><\/section>\n\n\t\t<\/div>\n\t\t\t\t\n<style>\n#col-302394850 > .col-inner {\n  padding: 30px 20px 30px 20px;\n}\n@media (min-width:550px) {\n  #col-302394850 > .col-inner {\n    padding: 45px 30px 45px 30px;\n  }\n}\n@media (min-width:850px) {\n  #col-302394850 > .col-inner {\n    padding: 60px 40px 60px 40px;\n  }\n}\n<\/style>\n\t<\/div>\n\n\t\n\n<\/div>\n\n\t\t<\/div>\n\n\t\t\n<style>\n#section_30297610 {\n  padding-top: 0px;\n  padding-bottom: 0px;\n  background-color: rgb(255, 208, 182);\n}\n<\/style>\n\t<\/section>\n\t\n","protected":false},"excerpt":{"rendered":"","protected":false},"author":1,"featured_media":1588,"parent":146,"menu_order":0,"comment_status":"closed","ping_status":"closed","template":"page-blank.php","meta":{"_acf_changed":false,"footnotes":""},"class_list":["post-748","page","type-page","status-publish","has-post-thumbnail","hentry"],"acf":[],"_links":{"self":[{"href":"https:\/\/www.kaffeeform.com\/de\/wp-json\/wp\/v2\/pages\/748","targetHints":{"allow":["GET"]}}],"collection":[{"href":"https:\/\/www.kaffeeform.com\/de\/wp-json\/wp\/v2\/pages"}],"about":[{"href":"https:\/\/www.kaffeeform.com\/de\/wp-json\/wp\/v2\/types\/page"}],"author":[{"embeddable":true,"href":"https:\/\/www.kaffeeform.com\/de\/wp-json\/wp\/v2\/users\/1"}],"replies":[{"embeddable":true,"href":"https:\/\/www.kaffeeform.com\/de\/wp-json\/wp\/v2\/comments?post=748"}],"version-history":[{"count":3,"href":"https:\/\/www.kaffeeform.com\/de\/wp-json\/wp\/v2\/pages\/748\/revisions"}],"predecessor-version":[{"id":145984,"href":"https:\/\/www.kaffeeform.com\/de\/wp-json\/wp\/v2\/pages\/748\/revisions\/145984"}],"up":[{"embeddable":true,"href":"https:\/\/www.kaffeeform.com\/de\/wp-json\/wp\/v2\/pages\/146"}],"wp:featuredmedia":[{"embeddable":true,"href":"https:\/\/www.kaffeeform.com\/de\/wp-json\/wp\/v2\/media\/1588"}],"wp:attachment":[{"href":"https:\/\/www.kaffeeform.com\/de\/wp-json\/wp\/v2\/media?parent=748"}],"curies":[{"name":"wp","href":"https:\/\/api.w.org\/{rel}","templated":true}]}}